{"id":257,"date":"2017-04-24T15:57:24","date_gmt":"2017-04-24T15:57:24","guid":{"rendered":"https:\/\/lejourj-evenements.com\/particulier\/?page_id=257"},"modified":"2017-07-31T14:25:17","modified_gmt":"2017-07-31T14:25:17","slug":"actualites","status":"publish","type":"page","link":"https:\/\/lejourj-evenements.com\/particulier\/actualites\/","title":{"rendered":"Actualit\u00e9s"},"content":{"rendered":"<p><div class=\"fusion-fullwidth fullwidth-box fusion-builder-row-1 nonhundred-percent-fullwidth non-hundred-percent-height-scrolling\" style=\"background-color: rgba(255,255,255,0);background-position: left center;background-repeat: no-repeat;padding-top:20px;padding-right:0px;padding-bottom:20px;padding-left:0px;margin-bottom: 0px;margin-top: 0px;border-width: 0px 0px 0px 0px;border-color:#eae9e9;border-style:solid;\" ><div class=\"fusion-builder-row fusion-row\"><div class=\"fusion-layout-column fusion_builder_column fusion-builder-column-0 fusion_builder_column_1_1 1_1 fusion-one-full fusion-column-first fusion-column-last\" style=\"margin-top:0px;margin-bottom:0px;\"><div class=\"fusion-column-wrapper fusion-flex-column-wrapper-legacy\" style=\"background-position:left top;background-repeat:no-repeat;-webkit-background-size:cover;-moz-background-size:cover;-o-background-size:cover;background-size:cover;padding: 0px 0px 0px 0px;\"><div class=\"fusion-blog-shortcode fusion-blog-shortcode-1 fusion-blog-archive fusion-blog-layout-timeline-wrapper fusion-blog-pagination\"><div class=\"fusion-posts-container fusion-posts-container-pagination fusion-no-meta-info fusion-blog-rollover\" data-pages=\"3\"><div class=\"fusion-timeline-icon\"><i class=\"fusion-icon-bubbles\" style=\"color:#ebeaea;\" aria-hidden=\"true\"><\/i><\/div><div class=\"fusion-blog-layout-timeline fusion-clearfix\"><div class=\"fusion-timeline-line\" style=\"border-left:1px solid #ebeaea;border-right:1px solid #ebeaea;\"><\/div><h3 class=\"fusion-timeline-date\" style=\"background-color:#ebeaea;\">22 juillet 2019<\/h3><div class=\"fusion-collapse-month\"><article id=\"blog-1-post-785\" style=\"border-color:#ebeaea;\" class=\"fusion-post-timeline fusion-clearfix fusion-left-column post-785 post type-post status-publish format-standard has-post-thumbnail hentry category-actualites\">\n<div class=\"fusion-post-wrapper\" style=\"background-color:rgba(255,255,255,0);\">\n\n\t\t\t<div class=\"fusion-flexslider flexslider fusion-flexslider-loading fusion-post-slideshow\" style=\"border-color:#ebeaea;\">\n\t\t<ul class=\"slides\">\n\t\t\t\n\t\t\t\t\t\t\t\t\t\t\t\t\t\t<li>\n\n<div  class=\"fusion-image-wrapper\" aria-haspopup=\"true\">\n\t\n\t\n\t\n\t\t\n\t\t\t\t\t<img decoding=\"async\" width=\"1024\" height=\"683\" src=\"https:\/\/lejourj-evenements.com\/particulier\/wp-content\/uploads\/2019\/07\/19.07.15BaselInspi67.jpg\" class=\"attachment-full size-full wp-post-image\" alt=\"\" srcset=\"https:\/\/lejourj-evenements.com\/particulier\/wp-content\/uploads\/2019\/07\/19.07.15BaselInspi67-200x133.jpg 200w, https:\/\/lejourj-evenements.com\/particulier\/wp-content\/uploads\/2019\/07\/19.07.15BaselInspi67-400x267.jpg 400w, https:\/\/lejourj-evenements.com\/particulier\/wp-content\/uploads\/2019\/07\/19.07.15BaselInspi67-600x400.jpg 600w, https:\/\/lejourj-evenements.com\/particulier\/wp-content\/uploads\/2019\/07\/19.07.15BaselInspi67-800x534.jpg 800w, https:\/\/lejourj-evenements.com\/particulier\/wp-content\/uploads\/2019\/07\/19.07.15BaselInspi67.jpg 1024w\" sizes=\"(max-width: 800px) 100vw, 40vw\" \/>\n\t\n\n\t\t<div class=\"fusion-rollover\">\n\t<div class=\"fusion-rollover-content\">\n\n\t\t\t\t\t\t\t\t\t\t\t\t\t\t<a class=\"fusion-rollover-link\" href=\"https:\/\/lejourj-evenements.com\/particulier\/shooting-rock-sexy-trash\/\">Shooting rock, sexy &#038; trash<\/a>\n\t\t\t\n\t\t\t\t\t\t\t\t\t\t\t\t\t\t\n\t\t\t\t\t\t\t\t\n\t\t\t\t\t\t\t\t\t\t\t\t\t<div class=\"fusion-rollover-sep\"><\/div>\n\t\t\t\t\n\t\t\t\t\t\t\t\t\t\t\t\t\t\t\t\t\t\t<a class=\"fusion-rollover-gallery\" href=\"https:\/\/lejourj-evenements.com\/particulier\/wp-content\/uploads\/2019\/07\/19.07.15BaselInspi67.jpg\" data-id=\"785\" data-rel=\"iLightbox[gallery]\" data-title=\"19.07.15BaselInspi67\" data-caption=\"\">\n\t\t\t\t\t\tGalerie\t\t\t\t\t<\/a>\n\t\t\t\t\t\t\t\t\t\t\t\t\t\t\n\t\t\t\t\n\t\t\t\t\t\t\t\t\n\t\t\t\t\t\t\t\t\n\t\t\n\t\t\t\t<a class=\"fusion-link-wrapper\" href=\"https:\/\/lejourj-evenements.com\/particulier\/shooting-rock-sexy-trash\/\" aria-label=\"Shooting rock, sexy &#038; trash\"><\/a>\n\t<\/div>\n<\/div>\n\n\t\n<\/div>\n<\/li>\n\t\t\t\n\t\t\t\n\t\t\t\t\t\t\t\t\t\t\t\t\t\t\t\t\t\t\t\t\t\t\t\t\t\t\t\t\t\t\t\t\t\t\t\t\t\t\t\t\t\t\t\t\t\t\t\t\t\t\t\t\t\t\t\t\t\t\t\t\t\t\t\t\t\t\t\t<\/ul>\n\t<\/div>\n\t<div class=\"fusion-post-content-wrapper\" style=\"padding:30px 25px 25px 25px;\"><div class=\"fusion-post-content post-content\"><div class=\"fusion-timeline-circle\" style=\"background-color:#ebeaea;\"><\/div><div class=\"fusion-timeline-arrow\" style=\"color:#ebeaea;\"><\/div><h2 class=\"blog-shortcode-post-title entry-title\"><a href=\"https:\/\/lejourj-evenements.com\/particulier\/shooting-rock-sexy-trash\/\">Shooting rock, sexy &#038; trash<\/a><\/h2><div class=\"fusion-post-content-container\"><p> Tadaaa !!!!! \u00c7a y est, on vous les d\u00e9voile enfin, les photos de notre incroyable shooting rock, sexy &amp; trash \u00e0 travers toute la ville de\u00a0#basel\u00a0. Quand on mixe les id\u00e9es d\u00e9lirantes de deux<\/p><\/div><\/div><\/div><div class=\"fusion-clearfix\"><\/div><\/div>\n<\/article>\n<\/div><h3 class=\"fusion-timeline-date\" style=\"background-color:#ebeaea;\">2 mai 2019<\/h3><div class=\"fusion-collapse-month\"><article id=\"blog-1-post-766\" style=\"border-color:#ebeaea;\" class=\"fusion-post-timeline fusion-clearfix fusion-right-column post-766 post type-post status-publish format-standard has-post-thumbnail hentry category-uncategorized\">\n<div class=\"fusion-post-wrapper\" style=\"background-color:rgba(255,255,255,0);\">\n\n\t\t\t<div class=\"fusion-flexslider flexslider fusion-flexslider-loading fusion-post-slideshow\" style=\"border-color:#ebeaea;\">\n\t\t<ul class=\"slides\">\n\t\t\t\n\t\t\t\t\t\t\t\t\t\t\t\t\t\t<li>\n\n<div  class=\"fusion-image-wrapper\" aria-haspopup=\"true\">\n\t\n\t\n\t\n\t\t\n\t\t\t\t\t<img decoding=\"async\" width=\"720\" height=\"480\" src=\"https:\/\/lejourj-evenements.com\/particulier\/wp-content\/uploads\/2019\/05\/59285518_2464949380195957_6099356479515525120_n.jpg\" class=\"attachment-full size-full wp-post-image\" alt=\"\" srcset=\"https:\/\/lejourj-evenements.com\/particulier\/wp-content\/uploads\/2019\/05\/59285518_2464949380195957_6099356479515525120_n-200x133.jpg 200w, https:\/\/lejourj-evenements.com\/particulier\/wp-content\/uploads\/2019\/05\/59285518_2464949380195957_6099356479515525120_n-400x267.jpg 400w, https:\/\/lejourj-evenements.com\/particulier\/wp-content\/uploads\/2019\/05\/59285518_2464949380195957_6099356479515525120_n-600x400.jpg 600w, https:\/\/lejourj-evenements.com\/particulier\/wp-content\/uploads\/2019\/05\/59285518_2464949380195957_6099356479515525120_n.jpg 720w\" sizes=\"(max-width: 800px) 100vw, 40vw\" \/>\n\t\n\n\t\t<div class=\"fusion-rollover\">\n\t<div class=\"fusion-rollover-content\">\n\n\t\t\t\t\t\t\t\t\t\t\t\t\t\t<a class=\"fusion-rollover-link\" href=\"https:\/\/lejourj-evenements.com\/particulier\/mariage-pluvieux-mariage-heureux\/\">Mariage pluvieux, mariage heureux !<\/a>\n\t\t\t\n\t\t\t\t\t\t\t\t\t\t\t\t\t\t\n\t\t\t\t\t\t\t\t\n\t\t\t\t\t\t\t\t\t\t\t\t\t<div class=\"fusion-rollover-sep\"><\/div>\n\t\t\t\t\n\t\t\t\t\t\t\t\t\t\t\t\t\t\t\t\t\t\t<a class=\"fusion-rollover-gallery\" href=\"https:\/\/lejourj-evenements.com\/particulier\/wp-content\/uploads\/2019\/05\/59285518_2464949380195957_6099356479515525120_n.jpg\" data-id=\"766\" data-rel=\"iLightbox[gallery]\" data-title=\"59285518_2464949380195957_6099356479515525120_n\" data-caption=\"\">\n\t\t\t\t\t\tGalerie\t\t\t\t\t<\/a>\n\t\t\t\t\t\t\t\t\t\t\t\t\t\t\n\t\t\t\t\n\t\t\t\t\t\t\t\t\n\t\t\t\t\t\t\t\t\n\t\t\n\t\t\t\t<a class=\"fusion-link-wrapper\" href=\"https:\/\/lejourj-evenements.com\/particulier\/mariage-pluvieux-mariage-heureux\/\" aria-label=\"Mariage pluvieux, mariage heureux !\"><\/a>\n\t<\/div>\n<\/div>\n\n\t\n<\/div>\n<\/li>\n\t\t\t\n\t\t\t\n\t\t\t\t\t\t\t\t\t\t\t\n\t\t\t\t\t\n\t\t\t\t\t\t\t\t\t\t\t<li>\n\t\t\t\t\t\t\t<div class=\"fusion-image-wrapper\">\n\t\t\t\t\t\t\t\t<a href=\"https:\/\/lejourj-evenements.com\/particulier\/mariage-pluvieux-mariage-heureux\/\" aria-label=\"Mariage pluvieux, mariage heureux !\">\n\t\t\t\t\t\t\t\t\t<img decoding=\"async\" width=\"1824\" height=\"872\" src=\"https:\/\/lejourj-evenements.com\/particulier\/wp-content\/uploads\/2019\/05\/59345393_2464949856862576_3506734174620876800_o.jpg\" alt=\"\" class=\"wp-image-771\" role=\"presentation\" srcset=\"https:\/\/lejourj-evenements.com\/particulier\/wp-content\/uploads\/2019\/05\/59345393_2464949856862576_3506734174620876800_o-200x96.jpg 200w, https:\/\/lejourj-evenements.com\/particulier\/wp-content\/uploads\/2019\/05\/59345393_2464949856862576_3506734174620876800_o-400x191.jpg 400w, https:\/\/lejourj-evenements.com\/particulier\/wp-content\/uploads\/2019\/05\/59345393_2464949856862576_3506734174620876800_o-600x287.jpg 600w, https:\/\/lejourj-evenements.com\/particulier\/wp-content\/uploads\/2019\/05\/59345393_2464949856862576_3506734174620876800_o-800x382.jpg 800w, https:\/\/lejourj-evenements.com\/particulier\/wp-content\/uploads\/2019\/05\/59345393_2464949856862576_3506734174620876800_o-1200x574.jpg 1200w, https:\/\/lejourj-evenements.com\/particulier\/wp-content\/uploads\/2019\/05\/59345393_2464949856862576_3506734174620876800_o.jpg 1824w\" sizes=\"(max-width: 800px) 100vw, 40vw\" \/>\t\t\t\t\t\t\t\t<\/a>\n\t\t\t\t\t\t\t\t<a style=\"display:none;\" href=\"https:\/\/lejourj-evenements.com\/particulier\/wp-content\/uploads\/2019\/05\/59345393_2464949856862576_3506734174620876800_o.jpg\" data-rel=\"iLightbox[gallery766]\"  title=\"\" data-title=\"59345393_2464949856862576_3506734174620876800_o\" data-caption=\"\">\n\t\t\t\t\t\t\t\t\t\t\t\t\t\t\t\t\t<\/a>\n\t\t\t\t\t\t\t<\/div>\n\t\t\t\t\t\t<\/li>\n\t\t\t\t\t\t\t\t\t\t\t\t\t\t\t\t\t\t\t\t\t\t\t\t\n\t\t\t\t\t\n\t\t\t\t\t\t\t\t\t\t\t<li>\n\t\t\t\t\t\t\t<div class=\"fusion-image-wrapper\">\n\t\t\t\t\t\t\t\t<a href=\"https:\/\/lejourj-evenements.com\/particulier\/mariage-pluvieux-mariage-heureux\/\" aria-label=\"Mariage pluvieux, mariage heureux !\">\n\t\t\t\t\t\t\t\t\t<img decoding=\"async\" width=\"545\" height=\"960\" src=\"https:\/\/lejourj-evenements.com\/particulier\/wp-content\/uploads\/2019\/05\/58822225_2464951356862426_7953826351796977664_n.jpg\" alt=\"\" class=\"wp-image-769\" role=\"presentation\" srcset=\"https:\/\/lejourj-evenements.com\/particulier\/wp-content\/uploads\/2019\/05\/58822225_2464951356862426_7953826351796977664_n-200x352.jpg 200w, https:\/\/lejourj-evenements.com\/particulier\/wp-content\/uploads\/2019\/05\/58822225_2464951356862426_7953826351796977664_n-400x705.jpg 400w, https:\/\/lejourj-evenements.com\/particulier\/wp-content\/uploads\/2019\/05\/58822225_2464951356862426_7953826351796977664_n.jpg 545w\" sizes=\"(max-width: 800px) 100vw, 40vw\" \/>\t\t\t\t\t\t\t\t<\/a>\n\t\t\t\t\t\t\t\t<a style=\"display:none;\" href=\"https:\/\/lejourj-evenements.com\/particulier\/wp-content\/uploads\/2019\/05\/58822225_2464951356862426_7953826351796977664_n.jpg\" data-rel=\"iLightbox[gallery766]\"  title=\"\" data-title=\"58822225_2464951356862426_7953826351796977664_n\" data-caption=\"\">\n\t\t\t\t\t\t\t\t\t\t\t\t\t\t\t\t\t<\/a>\n\t\t\t\t\t\t\t<\/div>\n\t\t\t\t\t\t<\/li>\n\t\t\t\t\t\t\t\t\t\t\t\t\t\t\t\t\t\t\t\t\t\t\t\t\n\t\t\t\t\t\n\t\t\t\t\t\t\t\t\t\t\t<li>\n\t\t\t\t\t\t\t<div class=\"fusion-image-wrapper\">\n\t\t\t\t\t\t\t\t<a href=\"https:\/\/lejourj-evenements.com\/particulier\/mariage-pluvieux-mariage-heureux\/\" aria-label=\"Mariage pluvieux, mariage heureux !\">\n\t\t\t\t\t\t\t\t\t<img decoding=\"async\" width=\"560\" height=\"960\" src=\"https:\/\/lejourj-evenements.com\/particulier\/wp-content\/uploads\/2019\/05\/58737335_2464949883529240_3309264510497325056_n.jpg\" alt=\"\" class=\"wp-image-768\" role=\"presentation\" srcset=\"https:\/\/lejourj-evenements.com\/particulier\/wp-content\/uploads\/2019\/05\/58737335_2464949883529240_3309264510497325056_n-200x343.jpg 200w, https:\/\/lejourj-evenements.com\/particulier\/wp-content\/uploads\/2019\/05\/58737335_2464949883529240_3309264510497325056_n-400x686.jpg 400w, https:\/\/lejourj-evenements.com\/particulier\/wp-content\/uploads\/2019\/05\/58737335_2464949883529240_3309264510497325056_n.jpg 560w\" sizes=\"(max-width: 800px) 100vw, 40vw\" \/>\t\t\t\t\t\t\t\t<\/a>\n\t\t\t\t\t\t\t\t<a style=\"display:none;\" href=\"https:\/\/lejourj-evenements.com\/particulier\/wp-content\/uploads\/2019\/05\/58737335_2464949883529240_3309264510497325056_n.jpg\" data-rel=\"iLightbox[gallery766]\"  title=\"\" data-title=\"58737335_2464949883529240_3309264510497325056_n\" data-caption=\"\">\n\t\t\t\t\t\t\t\t\t\t\t\t\t\t\t\t\t<\/a>\n\t\t\t\t\t\t\t<\/div>\n\t\t\t\t\t\t<\/li>\n\t\t\t\t\t\t\t\t\t\t\t\t\t\t\t\t\t\t\t\t\t\t\t\t\n\t\t\t\t\t\n\t\t\t\t\t\t\t\t\t\t\t<li>\n\t\t\t\t\t\t\t<div class=\"fusion-image-wrapper\">\n\t\t\t\t\t\t\t\t<a href=\"https:\/\/lejourj-evenements.com\/particulier\/mariage-pluvieux-mariage-heureux\/\" aria-label=\"Mariage pluvieux, mariage heureux !\">\n\t\t\t\t\t\t\t\t\t<img decoding=\"async\" width=\"720\" height=\"480\" src=\"https:\/\/lejourj-evenements.com\/particulier\/wp-content\/uploads\/2019\/05\/58594776_2464949406862621_6201211654709968896_n.jpg\" alt=\"\" class=\"wp-image-767\" role=\"presentation\" srcset=\"https:\/\/lejourj-evenements.com\/particulier\/wp-content\/uploads\/2019\/05\/58594776_2464949406862621_6201211654709968896_n-200x133.jpg 200w, https:\/\/lejourj-evenements.com\/particulier\/wp-content\/uploads\/2019\/05\/58594776_2464949406862621_6201211654709968896_n-400x267.jpg 400w, https:\/\/lejourj-evenements.com\/particulier\/wp-content\/uploads\/2019\/05\/58594776_2464949406862621_6201211654709968896_n-600x400.jpg 600w, https:\/\/lejourj-evenements.com\/particulier\/wp-content\/uploads\/2019\/05\/58594776_2464949406862621_6201211654709968896_n.jpg 720w\" sizes=\"(max-width: 800px) 100vw, 40vw\" \/>\t\t\t\t\t\t\t\t<\/a>\n\t\t\t\t\t\t\t\t<a style=\"display:none;\" href=\"https:\/\/lejourj-evenements.com\/particulier\/wp-content\/uploads\/2019\/05\/58594776_2464949406862621_6201211654709968896_n.jpg\" data-rel=\"iLightbox[gallery766]\"  title=\"\" data-title=\"58594776_2464949406862621_6201211654709968896_n\" data-caption=\"\">\n\t\t\t\t\t\t\t\t\t\t\t\t\t\t\t\t\t<\/a>\n\t\t\t\t\t\t\t<\/div>\n\t\t\t\t\t\t<\/li>\n\t\t\t\t\t\t\t\t\t\t\t\t\t\t\t\t\t\t\t\t\t<\/ul>\n\t<\/div>\n\t<div class=\"fusion-post-content-wrapper\" style=\"padding:30px 25px 25px 25px;\"><div class=\"fusion-post-content post-content\"><div class=\"fusion-timeline-circle\" style=\"background-color:#ebeaea;\"><\/div><div class=\"fusion-timeline-arrow\" style=\"color:#ebeaea;\"><\/div><h2 class=\"blog-shortcode-post-title entry-title\"><a href=\"https:\/\/lejourj-evenements.com\/particulier\/mariage-pluvieux-mariage-heureux\/\">Mariage pluvieux, mariage heureux !<\/a><\/h2><div class=\"fusion-post-content-container\"><p>Astride et Michel se sont dit oui ce week-end \u00e0 Kembs dans une ambiance \"nature f\u00e9\u00e9rique\". Un couple touchant de sinc\u00e9rit\u00e9, une le\u00e7on de vie incroyable! Avec comme toujours, pour m'accompagner dans mes folles aventures,<\/p><\/div><\/div><\/div><div class=\"fusion-clearfix\"><\/div><\/div>\n<\/article>\n<\/div><h3 class=\"fusion-timeline-date\" style=\"background-color:#ebeaea;\">24 avril 2019<\/h3><div class=\"fusion-collapse-month\"><article id=\"blog-1-post-755\" style=\"border-color:#ebeaea;\" class=\"fusion-post-timeline fusion-clearfix fusion-left-column post-755 post type-post status-publish format-standard has-post-thumbnail hentry category-actualites\">\n<div class=\"fusion-post-wrapper\" style=\"background-color:rgba(255,255,255,0);\">\n\n\t\t\t<div class=\"fusion-flexslider flexslider fusion-flexslider-loading fusion-post-slideshow\" style=\"border-color:#ebeaea;\">\n\t\t<ul class=\"slides\">\n\t\t\t\n\t\t\t\t\t\t\t\t\t\t\t\t\t\t<li>\n\n<div  class=\"fusion-image-wrapper\" aria-haspopup=\"true\">\n\t\n\t\n\t\n\t\t\n\t\t\t\t\t<img decoding=\"async\" width=\"720\" height=\"960\" src=\"https:\/\/lejourj-evenements.com\/particulier\/wp-content\/uploads\/2019\/04\/54257772_2385744301449799_4963084565955477504_n.jpg\" class=\"attachment-full size-full wp-post-image\" alt=\"\" srcset=\"https:\/\/lejourj-evenements.com\/particulier\/wp-content\/uploads\/2019\/04\/54257772_2385744301449799_4963084565955477504_n-200x267.jpg 200w, https:\/\/lejourj-evenements.com\/particulier\/wp-content\/uploads\/2019\/04\/54257772_2385744301449799_4963084565955477504_n-400x533.jpg 400w, https:\/\/lejourj-evenements.com\/particulier\/wp-content\/uploads\/2019\/04\/54257772_2385744301449799_4963084565955477504_n-600x800.jpg 600w, https:\/\/lejourj-evenements.com\/particulier\/wp-content\/uploads\/2019\/04\/54257772_2385744301449799_4963084565955477504_n.jpg 720w\" sizes=\"(max-width: 800px) 100vw, 40vw\" \/>\n\t\n\n\t\t<div class=\"fusion-rollover\">\n\t<div class=\"fusion-rollover-content\">\n\n\t\t\t\t\t\t\t\t\t\t\t\t\t\t<a class=\"fusion-rollover-link\" href=\"https:\/\/lejourj-evenements.com\/particulier\/mariage-de-dingue-a-venir-cet-ete-juste-magique-%e2%9d%a4%ef%b8%8f\/\">Mariage de dingue \u00e0 venir cet \u00e9t\u00e9&#8230;  Juste magique &#x2764;&#xfe0f;<\/a>\n\t\t\t\n\t\t\t\t\t\t\t\t\t\t\t\t\t\t\n\t\t\t\t\t\t\t\t\n\t\t\t\t\t\t\t\t\t\t\t\t\t<div class=\"fusion-rollover-sep\"><\/div>\n\t\t\t\t\n\t\t\t\t\t\t\t\t\t\t\t\t\t\t\t\t\t\t<a class=\"fusion-rollover-gallery\" href=\"https:\/\/lejourj-evenements.com\/particulier\/wp-content\/uploads\/2019\/04\/54257772_2385744301449799_4963084565955477504_n.jpg\" data-id=\"755\" data-rel=\"iLightbox[gallery]\" data-title=\"54257772_2385744301449799_4963084565955477504_n\" data-caption=\"\">\n\t\t\t\t\t\tGalerie\t\t\t\t\t<\/a>\n\t\t\t\t\t\t\t\t\t\t\t\t\t\t\n\t\t\t\t\n\t\t\t\t\t\t\t\t\n\t\t\t\t\t\t\t\t\n\t\t\n\t\t\t\t<a class=\"fusion-link-wrapper\" href=\"https:\/\/lejourj-evenements.com\/particulier\/mariage-de-dingue-a-venir-cet-ete-juste-magique-%e2%9d%a4%ef%b8%8f\/\" aria-label=\"Mariage de dingue \u00e0 venir cet \u00e9t\u00e9&#8230;  Juste magique &#x2764;&#xfe0f;\"><\/a>\n\t<\/div>\n<\/div>\n\n\t\n<\/div>\n<\/li>\n\t\t\t\n\t\t\t\n\t\t\t\t\t\t\t\t\t\t\t\t\t\t\t\t\t\t\t\t\t\t\t\t\t\t\t\t\t\t\t\t\t\t\t\t\t\t\t\t\t\t\t\t\t\t\t\t\t\t\t\t\t\t\t\t\t\t\t\t\t\t\t\t\t\t\t\t<\/ul>\n\t<\/div>\n\t<div class=\"fusion-post-content-wrapper\" style=\"padding:30px 25px 25px 25px;\"><div class=\"fusion-post-content post-content\"><div class=\"fusion-timeline-circle\" style=\"background-color:#ebeaea;\"><\/div><div class=\"fusion-timeline-arrow\" style=\"color:#ebeaea;\"><\/div><h2 class=\"blog-shortcode-post-title entry-title\"><a href=\"https:\/\/lejourj-evenements.com\/particulier\/mariage-de-dingue-a-venir-cet-ete-juste-magique-%e2%9d%a4%ef%b8%8f\/\">Mariage de dingue \u00e0 venir cet \u00e9t\u00e9&#8230;  Juste magique &#x2764;&#xfe0f;<\/a><\/h2><div class=\"fusion-post-content-container\"><p><\/p><\/div><\/div><\/div><div class=\"fusion-clearfix\"><\/div><\/div>\n<\/article>\n<\/div><h3 class=\"fusion-timeline-date\" style=\"background-color:#ebeaea;\">3 mars 2019<\/h3><div class=\"fusion-collapse-month\"><article id=\"blog-1-post-758\" style=\"border-color:#ebeaea;\" class=\"fusion-post-timeline fusion-clearfix fusion-right-column post-758 post type-post status-publish format-standard has-post-thumbnail hentry category-actualites\">\n<div class=\"fusion-post-wrapper\" style=\"background-color:rgba(255,255,255,0);\">\n\n\t\t\t<div class=\"fusion-flexslider flexslider fusion-flexslider-loading fusion-post-slideshow\" style=\"border-color:#ebeaea;\">\n\t\t<ul class=\"slides\">\n\t\t\t\n\t\t\t\t\t\t\t\t\t\t\t\t\t\t<li>\n\n<div  class=\"fusion-image-wrapper\" aria-haspopup=\"true\">\n\t\n\t\n\t\n\t\t\n\t\t\t\t\t<img decoding=\"async\" width=\"1440\" height=\"1080\" src=\"https:\/\/lejourj-evenements.com\/particulier\/wp-content\/uploads\/2019\/04\/53160232_2376341055723457_3564296193905262592_o.jpg\" class=\"attachment-full size-full wp-post-image\" alt=\"\" srcset=\"https:\/\/lejourj-evenements.com\/particulier\/wp-content\/uploads\/2019\/04\/53160232_2376341055723457_3564296193905262592_o-200x150.jpg 200w, https:\/\/lejourj-evenements.com\/particulier\/wp-content\/uploads\/2019\/04\/53160232_2376341055723457_3564296193905262592_o-400x300.jpg 400w, https:\/\/lejourj-evenements.com\/particulier\/wp-content\/uploads\/2019\/04\/53160232_2376341055723457_3564296193905262592_o-600x450.jpg 600w, https:\/\/lejourj-evenements.com\/particulier\/wp-content\/uploads\/2019\/04\/53160232_2376341055723457_3564296193905262592_o-800x600.jpg 800w, https:\/\/lejourj-evenements.com\/particulier\/wp-content\/uploads\/2019\/04\/53160232_2376341055723457_3564296193905262592_o-1200x900.jpg 1200w, https:\/\/lejourj-evenements.com\/particulier\/wp-content\/uploads\/2019\/04\/53160232_2376341055723457_3564296193905262592_o.jpg 1440w\" sizes=\"(max-width: 800px) 100vw, 40vw\" \/>\n\t\n\n\t\t<div class=\"fusion-rollover\">\n\t<div class=\"fusion-rollover-content\">\n\n\t\t\t\t\t\t\t\t\t\t\t\t\t\t<a class=\"fusion-rollover-link\" href=\"https:\/\/lejourj-evenements.com\/particulier\/a-la-recherche-de-beaux-lieux-de-reception-pour-vos-mariages-hier-visite-des-dominicains-de-haute-alsace\/\">A la recherche de beaux lieux de r\u00e9ception pour vos mariages. Hier visite des dominicains de Haute Alsace<\/a>\n\t\t\t\n\t\t\t\t\t\t\t\t\t\t\t\t\t\t\n\t\t\t\t\t\t\t\t\n\t\t\t\t\t\t\t\t\t\t\t\t\t<div class=\"fusion-rollover-sep\"><\/div>\n\t\t\t\t\n\t\t\t\t\t\t\t\t\t\t\t\t\t\t\t\t\t\t<a class=\"fusion-rollover-gallery\" href=\"https:\/\/lejourj-evenements.com\/particulier\/wp-content\/uploads\/2019\/04\/53160232_2376341055723457_3564296193905262592_o.jpg\" data-id=\"758\" data-rel=\"iLightbox[gallery]\" data-title=\"53160232_2376341055723457_3564296193905262592_o\" data-caption=\"\">\n\t\t\t\t\t\tGalerie\t\t\t\t\t<\/a>\n\t\t\t\t\t\t\t\t\t\t\t\t\t\t\n\t\t\t\t\n\t\t\t\t\t\t\t\t\n\t\t\t\t\t\t\t\t\n\t\t\n\t\t\t\t<a class=\"fusion-link-wrapper\" href=\"https:\/\/lejourj-evenements.com\/particulier\/a-la-recherche-de-beaux-lieux-de-reception-pour-vos-mariages-hier-visite-des-dominicains-de-haute-alsace\/\" aria-label=\"A la recherche de beaux lieux de r\u00e9ception pour vos mariages. Hier visite des dominicains de Haute Alsace\"><\/a>\n\t<\/div>\n<\/div>\n\n\t\n<\/div>\n<\/li>\n\t\t\t\n\t\t\t\n\t\t\t\t\t\t\t\t\t\t\t\t\t\t\t\t\t\t\t\t\t\t\t\t\t\t\t\t\t\t\t\t\t\t\t\t\t\t\t\t\t\t\t\t\t\t\t\t\t\t\t\t\t\t\t\t\t\t\t\t\t\t\t\t\t\t\t\t<\/ul>\n\t<\/div>\n\t<div class=\"fusion-post-content-wrapper\" style=\"padding:30px 25px 25px 25px;\"><div class=\"fusion-post-content post-content\"><div class=\"fusion-timeline-circle\" style=\"background-color:#ebeaea;\"><\/div><div class=\"fusion-timeline-arrow\" style=\"color:#ebeaea;\"><\/div><h2 class=\"blog-shortcode-post-title entry-title\"><a href=\"https:\/\/lejourj-evenements.com\/particulier\/a-la-recherche-de-beaux-lieux-de-reception-pour-vos-mariages-hier-visite-des-dominicains-de-haute-alsace\/\">A la recherche de beaux lieux de r\u00e9ception pour vos mariages. Hier visite des dominicains de Haute Alsace<\/a><\/h2><div class=\"fusion-post-content-container\"><p><\/p><\/div><\/div><\/div><div class=\"fusion-clearfix\"><\/div><\/div>\n<\/article>\n<\/div><h3 class=\"fusion-timeline-date\" style=\"background-color:#ebeaea;\">9 f\u00e9vrier 2019<\/h3><div class=\"fusion-collapse-month\"><article id=\"blog-1-post-761\" style=\"border-color:#ebeaea;\" class=\"fusion-post-timeline fusion-clearfix fusion-left-column post-761 post type-post status-publish format-standard has-post-thumbnail hentry category-actualites\">\n<div class=\"fusion-post-wrapper\" style=\"background-color:rgba(255,255,255,0);\">\n\n\t\t\t<div class=\"fusion-flexslider flexslider fusion-flexslider-loading fusion-post-slideshow\" style=\"border-color:#ebeaea;\">\n\t\t<ul class=\"slides\">\n\t\t\t\n\t\t\t\t\t\t\t\t\t\t\t\t\t\t<li>\n\n<div  class=\"fusion-image-wrapper\" aria-haspopup=\"true\">\n\t\n\t\n\t\n\t\t\n\t\t\t\t\t<img decoding=\"async\" width=\"960\" height=\"960\" src=\"https:\/\/lejourj-evenements.com\/particulier\/wp-content\/uploads\/2019\/04\/51443343_2341698255854404_8553357959017529344_n.jpg\" class=\"attachment-full size-full wp-post-image\" alt=\"\" srcset=\"https:\/\/lejourj-evenements.com\/particulier\/wp-content\/uploads\/2019\/04\/51443343_2341698255854404_8553357959017529344_n-200x200.jpg 200w, https:\/\/lejourj-evenements.com\/particulier\/wp-content\/uploads\/2019\/04\/51443343_2341698255854404_8553357959017529344_n-400x400.jpg 400w, https:\/\/lejourj-evenements.com\/particulier\/wp-content\/uploads\/2019\/04\/51443343_2341698255854404_8553357959017529344_n-600x600.jpg 600w, https:\/\/lejourj-evenements.com\/particulier\/wp-content\/uploads\/2019\/04\/51443343_2341698255854404_8553357959017529344_n-800x800.jpg 800w, https:\/\/lejourj-evenements.com\/particulier\/wp-content\/uploads\/2019\/04\/51443343_2341698255854404_8553357959017529344_n.jpg 960w\" sizes=\"(max-width: 800px) 100vw, 40vw\" \/>\n\t\n\n\t\t<div class=\"fusion-rollover\">\n\t<div class=\"fusion-rollover-content\">\n\n\t\t\t\t\t\t\t\t\t\t\t\t\t\t<a class=\"fusion-rollover-link\" href=\"https:\/\/lejourj-evenements.com\/particulier\/petit-retour-sur-ma-visite-technique-dhier-au-domaine-du-kaegy-pour-un-mariage-qui-va-envoyer-du-lourd\/\">Petit retour sur ma visite technique d&rsquo;hier au domaine du Kaegy, pour un mariage qui va envoyer du lourd !!!<\/a>\n\t\t\t\n\t\t\t\t\t\t\t\t\t\t\t\t\t\t\n\t\t\t\t\t\t\t\t\n\t\t\t\t\t\t\t\t\t\t\t\t\t<div class=\"fusion-rollover-sep\"><\/div>\n\t\t\t\t\n\t\t\t\t\t\t\t\t\t\t\t\t\t\t\t\t\t\t<a class=\"fusion-rollover-gallery\" href=\"https:\/\/lejourj-evenements.com\/particulier\/wp-content\/uploads\/2019\/04\/51443343_2341698255854404_8553357959017529344_n.jpg\" data-id=\"761\" data-rel=\"iLightbox[gallery]\" data-title=\"51443343_2341698255854404_8553357959017529344_n\" data-caption=\"\">\n\t\t\t\t\t\tGalerie\t\t\t\t\t<\/a>\n\t\t\t\t\t\t\t\t\t\t\t\t\t\t\n\t\t\t\t\n\t\t\t\t\t\t\t\t\n\t\t\t\t\t\t\t\t\n\t\t\n\t\t\t\t<a class=\"fusion-link-wrapper\" href=\"https:\/\/lejourj-evenements.com\/particulier\/petit-retour-sur-ma-visite-technique-dhier-au-domaine-du-kaegy-pour-un-mariage-qui-va-envoyer-du-lourd\/\" aria-label=\"Petit retour sur ma visite technique d&rsquo;hier au domaine du Kaegy, pour un mariage qui va envoyer du lourd !!!\"><\/a>\n\t<\/div>\n<\/div>\n\n\t\n<\/div>\n<\/li>\n\t\t\t\n\t\t\t\n\t\t\t\t\t\t\t\t\t\t\t\t\t\t\t\t\t\t\t\t\t\t\t\t\t\t\t\t\t\t\t\t\t\t\t\t\t\t\t\t\t\t\t\t\t\t\t\t\t\t\t\t\t\t\t\t\t\t\t\t\t\t\t\t\t\t\t\t<\/ul>\n\t<\/div>\n\t<div class=\"fusion-post-content-wrapper\" style=\"padding:30px 25px 25px 25px;\"><div class=\"fusion-post-content post-content\"><div class=\"fusion-timeline-circle\" style=\"background-color:#ebeaea;\"><\/div><div class=\"fusion-timeline-arrow\" style=\"color:#ebeaea;\"><\/div><h2 class=\"blog-shortcode-post-title entry-title\"><a href=\"https:\/\/lejourj-evenements.com\/particulier\/petit-retour-sur-ma-visite-technique-dhier-au-domaine-du-kaegy-pour-un-mariage-qui-va-envoyer-du-lourd\/\">Petit retour sur ma visite technique d&rsquo;hier au domaine du Kaegy, pour un mariage qui va envoyer du lourd !!!<\/a><\/h2><div class=\"fusion-post-content-container\"><p><\/p><\/div><\/div><\/div><div class=\"fusion-clearfix\"><\/div><\/div>\n<\/article>\n<\/div><h3 class=\"fusion-timeline-date\" style=\"background-color:#ebeaea;\">15 janvier 2019<\/h3><div class=\"fusion-collapse-month\"><article id=\"blog-1-post-735\" style=\"border-color:#ebeaea;\" class=\"fusion-post-timeline fusion-clearfix fusion-right-column post-735 post type-post status-publish format-standard has-post-thumbnail hentry category-actualites\">\n<div class=\"fusion-post-wrapper\" style=\"background-color:rgba(255,255,255,0);\">\n\n\t\t\t<div class=\"fusion-flexslider flexslider fusion-flexslider-loading fusion-post-slideshow\" style=\"border-color:#ebeaea;\">\n\t\t<ul class=\"slides\">\n\t\t\t\n\t\t\t\t\t\t\t\t\t\t\t\t\t\t<li>\n\n<div  class=\"fusion-image-wrapper\" aria-haspopup=\"true\">\n\t\n\t\n\t\n\t\t\n\t\t\t\t\t<img decoding=\"async\" width=\"602\" height=\"403\" src=\"https:\/\/lejourj-evenements.com\/particulier\/wp-content\/uploads\/2019\/01\/wild-festival.jpg\" class=\"attachment-full size-full wp-post-image\" alt=\"\" srcset=\"https:\/\/lejourj-evenements.com\/particulier\/wp-content\/uploads\/2019\/01\/wild-festival-200x134.jpg 200w, https:\/\/lejourj-evenements.com\/particulier\/wp-content\/uploads\/2019\/01\/wild-festival-400x268.jpg 400w, https:\/\/lejourj-evenements.com\/particulier\/wp-content\/uploads\/2019\/01\/wild-festival-600x402.jpg 600w, https:\/\/lejourj-evenements.com\/particulier\/wp-content\/uploads\/2019\/01\/wild-festival.jpg 602w\" sizes=\"(max-width: 800px) 100vw, 40vw\" \/>\n\t\n\n\t\t<div class=\"fusion-rollover\">\n\t<div class=\"fusion-rollover-content\">\n\n\t\t\t\t\t\t\t\t\t\t\t\t\t\t<a class=\"fusion-rollover-link\" href=\"https:\/\/lejourj-evenements.com\/particulier\/gagne-tes-entrees-au-wild-festival-edition-winter-2\/\">Gagne tes entr\u00e9es au Wild Festival Edition Winter 2\u00a0<\/a>\n\t\t\t\n\t\t\t\t\t\t\t\t\t\t\t\t\t\t\n\t\t\t\t\t\t\t\t\n\t\t\t\t\t\t\t\t\t\t\t\t\t<div class=\"fusion-rollover-sep\"><\/div>\n\t\t\t\t\n\t\t\t\t\t\t\t\t\t\t\t\t\t\t\t\t\t\t<a class=\"fusion-rollover-gallery\" href=\"https:\/\/lejourj-evenements.com\/particulier\/wp-content\/uploads\/2019\/01\/wild-festival.jpg\" data-id=\"735\" data-rel=\"iLightbox[gallery]\" data-title=\"wild festival\" data-caption=\"\">\n\t\t\t\t\t\tGalerie\t\t\t\t\t<\/a>\n\t\t\t\t\t\t\t\t\t\t\t\t\t\t\n\t\t\t\t\n\t\t\t\t\t\t\t\t\n\t\t\t\t\t\t\t\t\n\t\t\n\t\t\t\t<a class=\"fusion-link-wrapper\" href=\"https:\/\/lejourj-evenements.com\/particulier\/gagne-tes-entrees-au-wild-festival-edition-winter-2\/\" aria-label=\"Gagne tes entr\u00e9es au Wild Festival Edition Winter 2\u00a0\"><\/a>\n\t<\/div>\n<\/div>\n\n\t\n<\/div>\n<\/li>\n\t\t\t\n\t\t\t\n\t\t\t\t\t\t\t\t\t\t\t\t\t\t\t\t\t\t\t\t\t\t\t\t\t\t\t\t\t\t\t\t\t\t\t\t\t\t\t\t\t\t\t\t\t\t\t\t\t\t\t\t\t\t\t\t\t\t\t\t\t\t\t\t\t\t\t\t<\/ul>\n\t<\/div>\n\t<div class=\"fusion-post-content-wrapper\" style=\"padding:30px 25px 25px 25px;\"><div class=\"fusion-post-content post-content\"><div class=\"fusion-timeline-circle\" style=\"background-color:#ebeaea;\"><\/div><div class=\"fusion-timeline-arrow\" style=\"color:#ebeaea;\"><\/div><h2 class=\"blog-shortcode-post-title entry-title\"><a href=\"https:\/\/lejourj-evenements.com\/particulier\/gagne-tes-entrees-au-wild-festival-edition-winter-2\/\">Gagne tes entr\u00e9es au Wild Festival Edition Winter 2\u00a0<\/a><\/h2><div class=\"fusion-post-content-container\"><p>Le Wild Festival Winter#1\u00a0Wild Festival \u00c9dition Winter 2 et 3 FEV 2019 Salon Du Mariage\u00a0approche! Tu vas te marier et tu cherches l'inspiration? Je t'attends \u00e0 mon stand pour te pr\u00e9senter mes services, mais en<\/p><\/div><\/div><\/div><div class=\"fusion-clearfix\"><\/div><\/div>\n<\/article>\n<\/div><\/div><\/div><div class=\"pagination clearfix\"><span class=\"current\">1<\/span><a href=\"https:\/\/lejourj-evenements.com\/particulier\/wp-json\/wp\/v2\/pages\/257\/page\/2\/\" class=\"inactive\">2<\/a><a class=\"pagination-next\" rel=\"next\" href=\"https:\/\/lejourj-evenements.com\/particulier\/wp-json\/wp\/v2\/pages\/257\/page\/2\/\"><span class=\"page-text\">Suivant<\/span><span class=\"page-next\"><\/span><\/a><\/div><div class=\"fusion-clearfix\"><\/div><\/div><div class=\"fusion-clearfix\"><\/div><\/div><\/div><\/div><\/div><div class=\"fusion-bg-parallax\" data-bg-align=\"center bottom\" data-direction=\"right\" data-mute=\"false\" data-opacity=\"100\" data-velocity=\"-0.5\" data-mobile-enabled=\"false\" data-break_parents=\"0\" data-bg-image=\"https:\/\/lejourj-evenements.com\/particulier\/wp-content\/uploads\/2017\/05\/39482672_l.jpg\" data-bg-repeat=\"false\" ><\/div><div class=\"fusion-fullwidth fullwidth-box fusion-builder-row-2 fusion-parallax-right hundred-percent-fullwidth non-hundred-percent-height-scrolling\" style=\"background-color: rgba(255,255,255,0);background-image: url(&quot;https:\/\/lejourj-evenements.com\/particulier\/wp-content\/uploads\/2017\/05\/39482672_l.jpg&quot;);background-position: center bottom;background-repeat: no-repeat;padding-top:320px;padding-right:0px;padding-bottom:320px;padding-left:0px;margin-bottom: 0px;margin-top: 0px;border-width: 0px 0px 0px 0px;border-color:#eae9e9;border-style:solid;-webkit-background-size:cover;-moz-background-size:cover;-o-background-size:cover;background-size:cover;\" ><div class=\"fusion-builder-row fusion-row\"><\/div><\/div><\/p>\n","protected":false},"excerpt":{"rendered":"","protected":false},"author":1,"featured_media":0,"parent":0,"menu_order":0,"comment_status":"closed","ping_status":"closed","template":"100-width.php","meta":{"footnotes":""},"class_list":["post-257","page","type-page","status-publish","hentry"],"_links":{"self":[{"href":"https:\/\/lejourj-evenements.com\/particulier\/wp-json\/wp\/v2\/pages\/257","targetHints":{"allow":["GET"]}}],"collection":[{"href":"https:\/\/lejourj-evenements.com\/particulier\/wp-json\/wp\/v2\/pages"}],"about":[{"href":"https:\/\/lejourj-evenements.com\/particulier\/wp-json\/wp\/v2\/types\/page"}],"author":[{"embeddable":true,"href":"https:\/\/lejourj-evenements.com\/particulier\/wp-json\/wp\/v2\/users\/1"}],"replies":[{"embeddable":true,"href":"https:\/\/lejourj-evenements.com\/particulier\/wp-json\/wp\/v2\/comments?post=257"}],"version-history":[{"count":8,"href":"https:\/\/lejourj-evenements.com\/particulier\/wp-json\/wp\/v2\/pages\/257\/revisions"}],"predecessor-version":[{"id":593,"href":"https:\/\/lejourj-evenements.com\/particulier\/wp-json\/wp\/v2\/pages\/257\/revisions\/593"}],"wp:attachment":[{"href":"https:\/\/lejourj-evenements.com\/particulier\/wp-json\/wp\/v2\/media?parent=257"}],"curies":[{"name":"wp","href":"https:\/\/api.w.org\/{rel}","templated":true}]}}