{"id":642,"date":"2017-08-03T07:55:36","date_gmt":"2017-08-03T07:55:36","guid":{"rendered":"https:\/\/lejourj-evenements.com\/professionnels\/?page_id=642"},"modified":"2025-10-16T12:50:36","modified_gmt":"2025-10-16T12:50:36","slug":"mentions-legales","status":"publish","type":"page","link":"https:\/\/lejourj-evenements.com\/professionnels\/mentions-legales\/","title":{"rendered":"Mentions l\u00e9gales"},"content":{"rendered":"<h1 data-fontsize=\"30\" data-lineheight=\"42px\"><\/h1>\n<h1 data-fontsize=\"30\" data-lineheight=\"42px\"><\/h1>\n<h1 data-fontsize=\"30\" data-lineheight=\"42px\"><\/h1>\n<h1 class=\"fusion-responsive-typography-calculated\" data-fontsize=\"30\" data-lineheight=\"42px\">MENTIONS LEGALES<\/h1>\n<p>&nbsp;<\/p>\n<p class=\"p1\"><b>Le site internet lejourj-evenements.com est la propri\u00e9t\u00e9 de Julie Riedweg<\/b><\/p>\n<p class=\"p1\">17 rue principale, 68130 Wahlbach France<\/p>\n<p class=\"p1\">contact@lejourj-evenements.com<\/p>\n<p class=\"p1\">Soci\u00e9t\u00e9 \u00e0 responsabilit\u00e9 limit\u00e9e (SARL)<\/p>\n<p class=\"p1\">SIRET: 98992554000019<\/p>\n<p class=\"p1\">Responsable de publication: Julie Riedweg<\/p>\n<p class=\"p1\">Le site est h\u00e9berg\u00e9 par la soci\u00e9t\u00e9 IN CONNEXION<\/p>\n<p>74, rue de la Goutte 67220 FOUCHY<\/p>\n<p>T\u00e9l.: 0389898523<\/p>\n<p>contact@inconnexion.net<\/p>\n<div class=\"fusion-row\">\n<section id=\"content\">\n<div id=\"post-2109\" class=\"post-2109 page type-page status-publish hentry\">\n<div class=\"post-content\">\n<ol>\n<li><strong>Conservation et Utilisation de vos donn\u00e9es personnelles<\/strong><\/li>\n<\/ol>\n<p>Les informations recueillies sur nos formulaires sont enregistr\u00e9es dans un fichier informatis\u00e9\u00a0pour\u00a0<strong>communiquer les informations li\u00e9es \u00e0 la soci\u00e9t\u00e9 Le Jour J Evenements<\/strong><\/p>\n<p>Elles sont conserv\u00e9es pendant\u00a0<strong>10 ans<\/strong>\u00a0et sont destin\u00e9es\u00a0<strong>au service marketing et au service commercial \u00e9tablis au sein de l\u2019Union europ\u00e9enne<\/strong>.<\/p>\n<p>Ce fichier est accessible uniquement par la direction, les collaborateurs de l\u2019entreprise.<\/p>\n<p>Conform\u00e9ment \u00e0 la\u00a0<a href=\"https:\/\/www.cnil.fr\/fr\/loi-78-17-du-6-janvier-1978-modifiee\">loi \u00ab informatique et libert\u00e9s \u00bb<\/a>, vous pouvez exercer votre droit d\u2019acc\u00e8s aux donn\u00e9es vous concernant et les faire rectifier en contactant :\u00a0<strong>contact@lejourj-evenements.com<\/strong><\/p>\n<ol start=\"2\">\n<li><strong>Consentement et Traitement de vos donn\u00e9es personnelles<\/strong><\/li>\n<\/ol>\n<p>En cochant la case de consentement obligatoire avant soumission de chaque formulaire du site web<strong>\u00a0<\/strong>(\u00ab J\u2019autorise\u00a0<strong>Le Jour J Evenements<\/strong>\u00a0\u00e0 me contacter de fa\u00e7on personnalis\u00e9e \u00e0 propos de ses services. Mes donn\u00e9es personnelles ne seront jamais communiqu\u00e9es \u00e0 des tiers. \u00bb) vous autorisez explicitement le stockage et le traitement de vos donn\u00e9es dans le but de vous faire conna\u00eetre nos services. Vous autorisez :<\/p>\n<ul>\n<li><strong>Un conseiller de l\u2019entreprise\u00a0<\/strong>\u00e0 vous contacter pour toute relation commerciale<\/li>\n<\/ul>\n<p>&nbsp;<\/p>\n<ol start=\"3\">\n<li><strong>Retrait du Consentement concernant vos donn\u00e9es personnelles<\/strong><\/li>\n<\/ol>\n<p><strong>3.1. Droit d\u2019acc\u00e8s \u00e0 vos donn\u00e9es personnelles<\/strong><\/p>\n<p>Vous disposez d\u2019un droit d\u2019acc\u00e8s, de modification et\/ou de suppression des donn\u00e9es vous concernant \u00e0 tout moment en contactant notre service informatique :<\/p>\n<p><strong>Par voie postale :<\/strong>\u00a0accompagn\u00e9 d\u2019une copie d\u2019une pi\u00e8ce d\u2019identit\u00e9. Id\u00e9alement, en recommand\u00e9 avec accus\u00e9 de r\u00e9ception.<\/p>\n<p><strong>Sur place dans nos locaux :<\/strong>\u00a0avec pr\u00e9sentation d\u2019une pi\u00e8ce d\u2019identit\u00e9. La CNIL pr\u00e9cise : \u00ab Il est possible de se faire accompagner par la personne de son choix. La consultation doit durer suffisamment longtemps pour prendre note commod\u00e9ment et compl\u00e8tement. Il est possible de demander une copie des donn\u00e9es \u00bb.<\/p>\n<p>Le responsable du fichier dispose d\u2019un d\u00e9lai de r\u00e9ponse maximal de 2 mois \u00e0 compter de la demande, qu\u2019elle ait \u00e9t\u00e9 exerc\u00e9e par voie postale ou sur place. La CNIL pr\u00e9cise : \u00ab Si la demande est incompl\u00e8te (absence de la pi\u00e8ce d\u2019identit\u00e9 par exemple), le responsable du fichier est en droit de demander des compl\u00e9ments : le d\u00e9lai est alors suspendu et courre \u00e0 nouveau une fois ces \u00e9l\u00e9ments fournis \u00bb.<\/p>\n<p>Les limites au droit d\u2019acc\u00e8s sont pr\u00e9cis\u00e9es sur le site de la CNIL et\u00a0<a href=\"https:\/\/www.cnil.fr\/fr\/respecter-les-droits-des-personnes\">consultables en cliquant ici<\/a>.<\/p>\n<h3 class=\"fusion-responsive-typography-calculated\" data-start=\"1233\" data-end=\"1261\" data-fontsize=\"22\" data-lineheight=\"33px\">Propri\u00e9t\u00e9 intellectuelle<\/h3>\n<p data-start=\"1263\" data-end=\"1733\">L\u2019ensemble du site\u00a0<a class=\"\" href=\"https:\/\/lejourj-evenements.com\/\" target=\"_new\" rel=\"noopener\" data-start=\"1282\" data-end=\"1348\">https:\/\/lejourj-evenements.com\/<\/a>, ainsi que ses contenus (textes, images, graphismes, logo, ic\u00f4nes, sons, logiciels, etc.) sont la propri\u00e9t\u00e9 exclusive de\u00a0<strong data-start=\"1470\" data-end=\"1494\">Le Jour J \u00c9v\u00e9nements<\/strong>, sauf mentions contraires.<br data-start=\"1521\" data-end=\"1524\" \/>Toute reproduction, repr\u00e9sentation, modification, publication, adaptation de tout ou partie des \u00e9l\u00e9ments du site, quel que soit le moyen ou le proc\u00e9d\u00e9 utilis\u00e9, est interdite sauf autorisation \u00e9crite pr\u00e9alable.<\/p>\n<hr data-start=\"1735\" data-end=\"1738\" \/>\n<h3 class=\"fusion-responsive-typography-calculated\" data-start=\"1740\" data-end=\"1764\" data-fontsize=\"22\" data-lineheight=\"33px\">Donn\u00e9es personnelles<\/h3>\n<p data-start=\"1766\" data-end=\"2283\">Conform\u00e9ment au R\u00e8glement G\u00e9n\u00e9ral sur la Protection des Donn\u00e9es (RGPD) et \u00e0 la Loi Informatique et Libert\u00e9s,\u00a0<strong data-start=\"1875\" data-end=\"1899\">Le Jour J \u00c9v\u00e9nements<\/strong>\u00a0s\u2019engage \u00e0 assurer la protection des donn\u00e9es personnelles des utilisateurs.<br data-start=\"1975\" data-end=\"1978\" \/>Vous disposez d\u2019un droit d\u2019acc\u00e8s, de rectification, de suppression et d\u2019opposition aux donn\u00e9es vous concernant, que vous pouvez exercer \u00e0 tout moment en adressant une demande par email \u00e0 : [email de contact RGPD].<br data-start=\"2191\" data-end=\"2194\" \/>Pour plus d\u2019informations, consultez notre [politique de confidentialit\u00e9] (si disponible).<\/p>\n<hr data-start=\"2285\" data-end=\"2288\" \/>\n<h3 class=\"fusion-responsive-typography-calculated\" data-start=\"2290\" data-end=\"2301\" data-fontsize=\"22\" data-lineheight=\"33px\">Cookies<\/h3>\n<p data-start=\"2303\" data-end=\"2586\">Le site\u00a0<a class=\"\" href=\"https:\/\/lejourj-evenements.com\/\" target=\"_new\" rel=\"noopener\" data-start=\"2311\" data-end=\"2377\">https:\/\/lejourj-evenements.com\/<\/a>\u00a0peut \u00eatre amen\u00e9 \u00e0 utiliser des cookies pour am\u00e9liorer l\u2019exp\u00e9rience utilisateur et r\u00e9aliser des statistiques de visites.<br data-start=\"2497\" data-end=\"2500\" \/>L\u2019utilisateur peut refuser l\u2019enregistrement des cookies en configurant son navigateur.<\/p>\n<hr data-start=\"2588\" data-end=\"2591\" \/>\n<h3 class=\"fusion-responsive-typography-calculated\" data-start=\"2593\" data-end=\"2625\" data-fontsize=\"22\" data-lineheight=\"33px\">Limitation de responsabilit\u00e9<\/h3>\n<p data-start=\"2627\" data-end=\"3012\"><strong data-start=\"2627\" data-end=\"2651\">Le Jour J \u00c9v\u00e9nements<\/strong>\u00a0s\u2019efforce de fournir sur le site\u00a0<a class=\"\" href=\"https:\/\/lejourj-evenements.com\/\" target=\"_new\" rel=\"noopener\" data-start=\"2685\" data-end=\"2751\">https:\/\/lejourj-evenements.com\/<\/a>\u00a0des informations aussi pr\u00e9cises que possible. Toutefois, il ne pourra \u00eatre tenu responsable des omissions, des inexactitudes ou des carences dans la mise \u00e0 jour, qu\u2019elles soient de son fait ou du fait des tiers partenaires qui lui fournissent ces informations.<\/p>\n<\/div>\n<\/div>\n<\/section>\n<\/div>\n","protected":false},"excerpt":{"rendered":"<p> [&hellip;]<\/p>\n","protected":false},"author":1,"featured_media":0,"parent":0,"menu_order":0,"comment_status":"closed","ping_status":"closed","template":"","meta":{"footnotes":""},"class_list":["post-642","page","type-page","status-publish","hentry"],"_links":{"self":[{"href":"https:\/\/lejourj-evenements.com\/professionnels\/wp-json\/wp\/v2\/pages\/642","targetHints":{"allow":["GET"]}}],"collection":[{"href":"https:\/\/lejourj-evenements.com\/professionnels\/wp-json\/wp\/v2\/pages"}],"about":[{"href":"https:\/\/lejourj-evenements.com\/professionnels\/wp-json\/wp\/v2\/types\/page"}],"author":[{"embeddable":true,"href":"https:\/\/lejourj-evenements.com\/professionnels\/wp-json\/wp\/v2\/users\/1"}],"replies":[{"embeddable":true,"href":"https:\/\/lejourj-evenements.com\/professionnels\/wp-json\/wp\/v2\/comments?post=642"}],"version-history":[{"count":6,"href":"https:\/\/lejourj-evenements.com\/professionnels\/wp-json\/wp\/v2\/pages\/642\/revisions"}],"predecessor-version":[{"id":726,"href":"https:\/\/lejourj-evenements.com\/professionnels\/wp-json\/wp\/v2\/pages\/642\/revisions\/726"}],"wp:attachment":[{"href":"https:\/\/lejourj-evenements.com\/professionnels\/wp-json\/wp\/v2\/media?parent=642"}],"curies":[{"name":"wp","href":"https:\/\/api.w.org\/{rel}","templated":true}]}}